{"id":83,"date":"2019-04-10T18:22:30","date_gmt":"2019-04-10T16:22:30","guid":{"rendered":"http:\/\/jed-photodesign.de\/?page_id=83"},"modified":"2019-04-23T09:06:27","modified_gmt":"2019-04-23T07:06:27","slug":"datenschutz","status":"publish","type":"page","link":"https:\/\/jed-photodesign.de\/?page_id=83","title":{"rendered":"Datenschutz"},"content":{"rendered":"\n<h3>Datenschutz<\/h3>\n\n\n\n<h4>\u00a7 1 Information \u00fcber die Erhebung personenbezogener Daten<\/h4>\n\n\n\n<p>(1) Im Folgenden informieren wir \u00fcber die Erhebung personenbezogener \nDaten bei Nutzung unserer Website. Personenbezogene Daten sind alle \nDaten, die auf Sie pers\u00f6nlich beziehbar sind, z. B. Name, Adresse, \nE-Mail-Adressen, Nutzerverhalten.<\/p>\n\n\n\n<p>(2) Verantwortlicher gem. Art. 4 Abs. 7 EU-Datenschutz-Grundverordnung (DSGVO) ist die<\/p>\n\n\n\n<p>JED-Photodesign &#8211; Juergen E. Dechert<\/p>\n\n\n\n<p>Bachgartenstra\u00dfe 6a &#8211; D-64572 B\u00fcttelborn<\/p>\n\n\n\n<p>(3) Bei Ihrer Kontaktaufnahme mit uns per E-Mail oder Kontaktformular\n werden die von Ihnen mitgeteilten Daten (Ihre E-Mail-Adresse, Ihr Name)\n von uns gespeichert, um Ihre Anfragen zu beantworten. Rechtsgrundlage \nf\u00fcr die Verarbeitung der Daten, die im Zuge einer \u00dcbersendung einer \nE-Mail oder per Kontaktformular \u00fcbermittelt werden, ist Art. 6 Abs. 1 \nlit. f DSGVO. Die in diesem Zusammenhang anfallenden Daten l\u00f6schen wir, \nnachdem die Speicherung nicht mehr erforderlich ist, oder schr\u00e4nken die \nVerarbeitung ein, falls gesetzliche Aufbewahrungspflichten bestehen.<\/p>\n\n\n\n<h4>\u00a7 2 Ihre Rechte<\/h4>\n\n\n\n<p>(1) Sie haben gegen\u00fcber uns folgende Rechte hinsichtlich der Sie betreffenden personenbezogenen Daten:<\/p>\n\n\n\n<p>\u2013 Recht auf Auskunft,<\/p>\n\n\n\n<p>\u2013 Recht auf Berichtigung oder L\u00f6schung,<\/p>\n\n\n\n<p>\u2013 Recht auf Einschr\u00e4nkung der Verarbeitung,<\/p>\n\n\n\n<p>\u2013 Recht auf Widerspruch gegen die Verarbeitung,<\/p>\n\n\n\n<p>\u2013 Recht auf Daten\u00fcbertragbarkeit<\/p>\n\n\n\n<p>(2) Sie haben zudem das Recht, sich bei einer \nDatenschutz-Aufsichtsbeh\u00f6rde \u00fcber die Verarbeitung Ihrer \npersonenbezogenen Daten durch uns zu beschweren.<\/p>\n\n\n\n<h4>\u00a7 3 Erhebung personenbezogener Daten bei Besuch unserer Website<\/h4>\n\n\n\n<p>(1) Bei der blo\u00df informatorischen Nutzung der Website, also wenn Sie \nsich nicht registrieren oder uns anderweitig Informationen \u00fcbermitteln, \nwerden nur die personenbezogenen Daten, die Ihr Browser an unseren \nServiceprovider \u00fcbermittelt gesammelt. Wenn Sie unsere Website \nbetrachten, werden durch unseren Serviceprovider die folgende Daten \nerhoben, die technisch erforderlich sind, um Ihnen unsere Website \nanzuzeigen und die Stabilit\u00e4t und Sicherheit zu gew\u00e4hrleisten \n(Rechtsgrundlage ist Art. 6 Abs. 1 S. 1 lit. f DSGVO):<\/p>\n\n\n\n<p>\u2013 IP-Adresse<\/p>\n\n\n\n<p>\u2013 Datum und Uhrzeit der Anfrage bzw. des Besuchs<\/p>\n\n\n\n<p>\u2013 Zeitzonendifferenz zur Greenwich Mean Time (GMT)<\/p>\n\n\n\n<p>\u2013 Inhalt der Anforderung (konkrete Seite)<\/p>\n\n\n\n<p>\u2013 Zugriffsstatus\/HTTP-Statuscode<\/p>\n\n\n\n<p>\u2013 jeweils \u00fcbertragene Datenmenge<\/p>\n\n\n\n<p>\u2013 Website, von der die Anforderung kommt<\/p>\n\n\n\n<p>Die IP-Adressen der Besucher der Webseiten werden zur Erkennung und Abwehr von Angriffen maximal sieben Tage gespeichert.<\/p>\n\n\n\n<h4>\u00a7 4 Kontaktformular<\/h4>\n\n\n\n<p>Neben der rein informatorischen Nutzung unserer Website bieten wir \nein Kontaktformular an, das Sie bei Interesse nutzen k\u00f6nnen. Dazu m\u00fcssen\n Sie personenbezogene Daten angeben, die wir zur Erbringung der \njeweiligen Leistung nutzen und f\u00fcr die die zuvor genannten Grunds\u00e4tze \nzur Datenverarbeitung gelten. Derzeit sind dies Name und E-Mail-Adresse.<\/p>\n\n\n\n<h4>\u00a7 5 Widerspruch oder Widerruf gegen die Verarbeitung Ihrer Daten<\/h4>\n\n\n\n<p>(1) Falls Sie eine Einwilligung zur Verarbeitung Ihrer Daten erteilt \nhaben, k\u00f6nnen Sie diese jederzeit widerrufen. Ein solcher Widerruf \nbeeinflusst die Zul\u00e4ssigkeit der Verarbeitung Ihrer personenbezogenen \nDaten, nachdem Sie ihn gegen\u00fcber uns ausgesprochen haben.<\/p>\n\n\n\n<p>(2) Soweit wir die Verarbeitung Ihrer personenbezogenen Daten auf die\n Interessenabw\u00e4gung st\u00fctzen, k\u00f6nnen Sie Widerspruch gegen die \nVerarbeitung einlegen. Dies ist der Fall, wenn die Verarbeitung \ninsbesondere nicht zur Erf\u00fcllung eines Vertrags mit Ihnen erforderlich \nist, was von uns jeweils bei der nachfolgenden Beschreibung der \nFunktionen dargestellt wird. Bei Aus\u00fcbung eines solchen Widerspruchs \nbitten wir um Darlegung der Gr\u00fcnde, weshalb wir Ihre personenbezogenen \nDaten nicht wie von uns durchgef\u00fchrt verarbeiten sollten. Im Falle Ihres\n begr\u00fcndeten Widerspruchs pr\u00fcfen wir die Sachlage und werden entweder \ndie Datenverarbeitung einstellen bzw. anpassen oder Ihnen unsere \nzwingenden schutzw\u00fcrdigen Gr\u00fcnde aufzeigen, aufgrund derer wir die \nVerarbeitung fortf\u00fchren.<\/p>\n\n\n\n<p>(3) Selbstverst\u00e4ndlich k\u00f6nnen Sie der Verarbeitung Ihrer \npersonenbezogenen Daten f\u00fcr Zwecke der Werbung und Datenanalyse \njederzeit widersprechen. \u00dcber Ihren Werbewiderspruch k\u00f6nnen Sie uns \nunter folgenden Kontaktdaten informieren: info(at)ed-photodesign.de.<\/p>\n\n\n\n<h4>\u00a7 6 &nbsp;Einsatz von Google-Produkten<\/h4>\n\n\n\n<p>Diese Website benutzt Google Analytics nicht.<\/p>\n\n\n\n<p>Es kommt nur &nbsp;Google Maps zum Einsatz. Dies ist ein Dienst der<\/p>\n\n\n\n<p>Google Inc.<\/p>\n\n\n\n<p>1600 Amphitheatre Parkway<\/p>\n\n\n\n<p>Mountain View, CA 94043<\/p>\n\n\n\n<p>USA<\/p>\n\n\n\n<p>Google Maps verwendet Cookies. Dies sind Dateien, durch deren \nSpeicherung auf Ihrem PC Google die Daten Ihrer Benutzung unserer \nWebsite analysieren kann. Die \u00fcber Cookies erhaltenen Informationen \n(z.B. Ihre IP-Adresse)&nbsp; wird an einen Server von Google mit einem \nStandort in den USA \u00fcbermittelt und dort gespeichert. Google wird diese \nInformationen m\u00f6glicherweise an Dritte weitergeben, wenn dies gesetzlich\n erforderlich ist oder Google gegen\u00fcber Dritten die Datenverarbeitung in\n Auftrag gibt. Google wird Ihre IP-Adresse zusammen mit den anderen \ngespeicherten Daten zusammenf\u00fchren.<\/p>\n\n\n\n<p>Durch entsprechende Einstellungen an Ihrem Internetbrowser k\u00f6nnen Sie\n verhindern, dass die genannten Cookies auf Ihrem PC gespeichert werden.\n Dadurch besteht jedoch die M\u00f6glichkeit, dass die Inhalte dieser Website\n nicht mehr in gleichem Umfang genutzt werden k\u00f6nnen. Durch die Nutzung \ndieser Website willigen Sie in die Bearbeitung der zu Ihrer Person \nerhobenen Daten durch Google in der zuvor beschriebenen Art und Weise \nund zu dem zuvor benannten Zweck ein.<\/p>\n","protected":false},"excerpt":{"rendered":"<p>Datenschutz \u00a7 1 Information \u00fcber die Erhebung personenbezogener Daten (1) Im Folgenden informieren wir \u00fcber die Erhebung personenbezogener Daten bei Nutzung unserer Website. Personenbezogene Daten sind alle Daten, die auf Sie pers\u00f6nlich beziehbar sind, z. B. Name, Adresse, E-Mail-Adressen, Nutzerverhalten. (2) Verantwortlicher gem. Art. 4 Abs. 7 EU-Datenschutz-Grundverordnung (DSGVO) ist die JED-Photodesign &#8211; Juergen E. &hellip; <\/p>\n<p class=\"link-more\"><a href=\"https:\/\/jed-photodesign.de\/?page_id=83\" class=\"more-link\"><span class=\"screen-reader-text\">\u201eDatenschutz\u201c<\/span> weiterlesen<\/a><\/p>\n","protected":false},"author":1,"featured_media":0,"parent":0,"menu_order":0,"comment_status":"closed","ping_status":"closed","template":"","meta":[],"_links":{"self":[{"href":"https:\/\/jed-photodesign.de\/index.php?rest_route=\/wp\/v2\/pages\/83"}],"collection":[{"href":"https:\/\/jed-photodesign.de\/index.php?rest_route=\/wp\/v2\/pages"}],"about":[{"href":"https:\/\/jed-photodesign.de\/index.php?rest_route=\/wp\/v2\/types\/page"}],"author":[{"embeddable":true,"href":"https:\/\/jed-photodesign.de\/index.php?rest_route=\/wp\/v2\/users\/1"}],"replies":[{"embeddable":true,"href":"https:\/\/jed-photodesign.de\/index.php?rest_route=%2Fwp%2Fv2%2Fcomments&post=83"}],"version-history":[{"count":2,"href":"https:\/\/jed-photodesign.de\/index.php?rest_route=\/wp\/v2\/pages\/83\/revisions"}],"predecessor-version":[{"id":85,"href":"https:\/\/jed-photodesign.de\/index.php?rest_route=\/wp\/v2\/pages\/83\/revisions\/85"}],"wp:attachment":[{"href":"https:\/\/jed-photodesign.de\/index.php?rest_route=%2Fwp%2Fv2%2Fmedia&parent=83"}],"curies":[{"name":"wp","href":"https:\/\/api.w.org\/{rel}","templated":true}]}}